{"id":3,"date":"2021-08-13T09:29:04","date_gmt":"2021-08-13T07:29:04","guid":{"rendered":"https:\/\/www.elektromaul.de\/de\/?page_id=3"},"modified":"2022-02-27T13:50:24","modified_gmt":"2022-02-27T12:50:24","slug":"datenschutzerklaerung","status":"publish","type":"page","link":"https:\/\/www.elektromaul.de\/de\/datenschutzerklaerung\/","title":{"rendered":"Datenschutzerkl\u00e4rung"},"content":{"rendered":"<p>[et_pb_section fb_built=&#8220;1&#8243; disabled_on=&#8220;on|off|off&#8220; _builder_version=&#8220;4.9.11&#8243; _module_preset=&#8220;default&#8220; width=&#8220;100%&#8220; max_width=&#8220;100%&#8220; custom_margin=&#8220;0px|0px|0px|0px|false|false&#8220; custom_padding=&#8220;0px|0px|0px|0px|false|false&#8220; locked=&#8220;off&#8220; global_colors_info=&#8220;{}&#8220;][et_pb_row disabled_on=&#8220;off|off|off&#8220; _builder_version=&#8220;4.9.11&#8243; _module_preset=&#8220;default&#8220; use_background_color_gradient=&#8220;on&#8220; background_color_gradient_start=&#8220;#d4d6d8&#8243; background_color_gradient_end=&#8220;rgba(255,255,255,0)&#8220; background_color_gradient_start_position=&#8220;60%&#8220; background_color_gradient_end_position=&#8220;60%&#8220; z_index=&#8220;99998&#8243; width=&#8220;100%&#8220; max_width=&#8220;100%&#8220; custom_margin=&#8220;0px|0px|0px|0px|false|false&#8220; custom_padding=&#8220;0px||||false|false&#8220; sticky_position=&#8220;top&#8220; sticky_offset_top=&#8220;33px&#8220; sticky_offset_surrounding=&#8220;off&#8220; global_colors_info=&#8220;{}&#8220;][et_pb_column type=&#8220;4_4&#8243; _builder_version=&#8220;4.9.11&#8243; _module_preset=&#8220;default&#8220; global_colors_info=&#8220;{}&#8220;][et_pb_image src=&#8220;https:\/\/www.elektromaul.de\/de\/wp-content\/uploads\/2021\/08\/maul_logosymbol.svg&#8220; title_text=&#8220;maul_logosymbol&#8220; url=&#8220;@ET-DC@eyJkeW5hbWljIjp0cnVlLCJjb250ZW50IjoicG9zdF9saW5rX3VybF9wYWdlIiwic2V0dGluZ3MiOnsicG9zdF9pZCI6IjE2In19@&#8220; _builder_version=&#8220;4.9.11&#8243; _dynamic_attributes=&#8220;url&#8220; _module_preset=&#8220;default&#8220; width=&#8220;30vw&#8220; custom_margin=&#8220;0px||0px||false|false&#8220; custom_padding=&#8220;0px||0px||false|false&#8220; custom_css_main_element=&#8220;display:inline-block;&#8220; global_colors_info=&#8220;{}&#8220;][\/et_pb_image][et_pb_image src=&#8220;https:\/\/www.elektromaul.de\/de\/wp-content\/uploads\/2021\/08\/Uns.svg&#8220; title_text=&#8220;Uns_hover&#8220; url=&#8220;https:\/\/www.elektromaul.de\/de\/Startseite#ueber_uns&#8220; show_bottom_space=&#8220;off&#8220; _builder_version=&#8220;4.9.11&#8243; _module_preset=&#8220;default&#8220; height=&#8220;2vw&#8220; custom_margin=&#8220;||||false|false&#8220; custom_padding=&#8220;||||false|false&#8220; custom_css_main_element=&#8220;display:inline-block;||vertical-align: top;||padding-top:5vw;||padding-left:100px;&#8220; global_colors_info=&#8220;{}&#8220; src__hover_enabled=&#8220;on|hover&#8220; src__hover=&#8220;https:\/\/www.elektromaul.de\/de\/wp-content\/uploads\/2021\/08\/Uns_hover.svg&#8220;][\/et_pb_image][et_pb_image src=&#8220;https:\/\/www.elektromaul.de\/de\/wp-content\/uploads\/2021\/08\/Aktuelles.svg&#8220; title_text=&#8220;Aktuelles_hover&#8220; url=&#8220;https:\/\/www.elektromaul.de\/de\/Startseite#aktuelles&#8220; show_bottom_space=&#8220;off&#8220; _builder_version=&#8220;4.9.11&#8243; _module_preset=&#8220;default&#8220; height=&#8220;2vw&#8220; custom_margin=&#8220;||||false|false&#8220; custom_padding=&#8220;||||false|false&#8220; custom_css_main_element=&#8220;display:inline-block;||vertical-align: top;||padding-top:5vw;||padding-left:10px;&#8220; global_colors_info=&#8220;{}&#8220; src__hover_enabled=&#8220;on|hover&#8220; src__hover=&#8220;https:\/\/www.elektromaul.de\/de\/wp-content\/uploads\/2021\/08\/Aktuelles_hover.svg&#8220;][\/et_pb_image][et_pb_image src=&#8220;https:\/\/www.elektromaul.de\/de\/wp-content\/uploads\/2021\/08\/Kompetenzen.svg&#8220; title_text=&#8220;Kompetenzen_hover&#8220; url=&#8220;https:\/\/www.elektromaul.de\/de\/Startseite#unsere_kompetenzen&#8220; show_bottom_space=&#8220;off&#8220; _builder_version=&#8220;4.9.11&#8243; _module_preset=&#8220;default&#8220; height=&#8220;2vw&#8220; custom_margin=&#8220;||||false|false&#8220; custom_padding=&#8220;||||false|false&#8220; custom_css_main_element=&#8220;display:inline-block;||vertical-align: top;||padding-top:5vw;||padding-left:10px;&#8220; global_colors_info=&#8220;{}&#8220; src__hover_enabled=&#8220;on|hover&#8220; src__hover=&#8220;https:\/\/www.elektromaul.de\/de\/wp-content\/uploads\/2021\/08\/Kompetenzen_hover.svg&#8220;][\/et_pb_image][et_pb_image src=&#8220;https:\/\/www.elektromaul.de\/de\/wp-content\/uploads\/2021\/08\/Partner.svg&#8220; title_text=&#8220;Partner_hover&#8220; url=&#8220;https:\/\/www.elektromaul.de\/de\/Startseite#unsere_markenpartner&#8220; show_bottom_space=&#8220;off&#8220; _builder_version=&#8220;4.9.11&#8243; _module_preset=&#8220;default&#8220; height=&#8220;2vw&#8220; custom_margin=&#8220;||||false|false&#8220; custom_padding=&#8220;||||false|false&#8220; custom_css_main_element=&#8220;display:inline-block;||vertical-align: top;||padding-top:5vw;||padding-left:10px;&#8220; global_colors_info=&#8220;{}&#8220; src__hover_enabled=&#8220;on|hover&#8220; src__hover=&#8220;https:\/\/www.elektromaul.de\/de\/wp-content\/uploads\/2021\/08\/Partner_hover.svg&#8220;][\/et_pb_image][et_pb_image src=&#8220;https:\/\/www.elektromaul.de\/de\/wp-content\/uploads\/2021\/08\/Kontakt.svg&#8220; title_text=&#8220;Kontakt_hover&#8220; url=&#8220;#kontakt&#8220; show_bottom_space=&#8220;off&#8220; _builder_version=&#8220;4.10.1&#8243; _module_preset=&#8220;default&#8220; height=&#8220;2vw&#8220; custom_margin=&#8220;||||false|false&#8220; custom_padding=&#8220;||||false|false&#8220; custom_css_main_element=&#8220;display:inline-block;||vertical-align: top;||padding-top:5vw;||padding-left:10px;&#8220; global_colors_info=&#8220;{}&#8220; src__hover_enabled=&#8220;on|hover&#8220; src__hover=&#8220;https:\/\/www.elektromaul.de\/de\/wp-content\/uploads\/2021\/08\/Kontakt_hover.svg&#8220;][\/et_pb_image][\/et_pb_column][\/et_pb_row][\/et_pb_section][et_pb_section fb_built=&#8220;1&#8243; _builder_version=&#8220;4.9.11&#8243; _module_preset=&#8220;default&#8220; width=&#8220;100%&#8220; max_width=&#8220;100%&#8220; custom_margin=&#8220;0px|0px|0px|0px|false|false&#8220; custom_padding=&#8220;0px|0px|0px|0px|false|false&#8220; global_colors_info=&#8220;{}&#8220;][et_pb_row column_structure=&#8220;1_2,1_2&#8243; _builder_version=&#8220;4.9.11&#8243; _module_preset=&#8220;default&#8220; z_index=&#8220;999&#8243; width=&#8220;90%&#8220; max_width=&#8220;90%&#8220; custom_margin=&#8220;||||false|false&#8220; custom_padding=&#8220;||0px||false|false&#8220; saved_tabs=&#8220;all&#8220; global_colors_info=&#8220;{}&#8220;][et_pb_column type=&#8220;1_2&#8243; _builder_version=&#8220;4.9.11&#8243; _module_preset=&#8220;default&#8220; global_colors_info=&#8220;{}&#8220;][et_pb_text _builder_version=&#8220;4.9.11&#8243; _module_preset=&#8220;default&#8220; global_colors_info=&#8220;{}&#8220;]<\/p>\n<h3><strong><span>DATENSCHUTZERKL\u00c4RUNG<\/span><\/strong><\/h3>\n<p>[\/et_pb_text][et_pb_text _builder_version=&#8220;4.9.11&#8243; _module_preset=&#8220;default&#8220; text_text_color=&#8220;#4B4B4A&#8220; text_line_height=&#8220;1.6em&#8220; ul_line_height=&#8220;1.1em&#8220; ol_line_height=&#8220;1.8em&#8220; global_colors_info=&#8220;{}&#8220;]<\/p>\n<div class=\"clearfix grpelem shared_content\" id=\"u36307-4\" data-content-guid=\"u36307-4_content\">\n<p><strong><span id=\"u36847\">1. Verwendungszweck<\/span><\/strong><span id=\"u36847-3\"><br \/><\/span>Alle Ihre personenbezogenen Daten werden unter Beachtung der einschl\u00e4gigen Vorschriften des Bundesdatenschutzgesetzes (BDSG), des Telemediengesetzes (TMG) und des Telekommunikationsgesetzes (TKG) von uns gespeichert und verarbeitet.<br \/>Die uns zur Verf\u00fcgung gestellten Informationen helfen uns, unseren Service und unsere Produkte individuell zu gestalten und st\u00e4ndig zu verbessern. Die Daten dienen zur satzungsgem\u00e4\u00dfen Ausf\u00fchrung unserer T\u00e4tigkeit (inkl. Personalverwaltung, \u00d6ffentlichkeitsarbeit und Kontaktdatenverwaltung in Verein und Gesch\u00e4ftsbetrieben).<span id=\"u36847-31\"><\/span><\/p>\n<\/div>\n<div class=\"clearfix grpelem shared_content\" id=\"u36308-19\" data-content-guid=\"u36308-19_content\"><\/div>\n<p>[\/et_pb_text][et_pb_text _builder_version=&#8220;4.9.11&#8243; _module_preset=&#8220;default&#8220; text_text_color=&#8220;#4B4B4A&#8220; text_line_height=&#8220;1.6em&#8220; ul_line_height=&#8220;1.1em&#8220; ol_line_height=&#8220;1.8em&#8220; global_colors_info=&#8220;{}&#8220;]<\/p>\n<div class=\"clearfix grpelem shared_content\" id=\"u36307-4\" data-content-guid=\"u36307-4_content\">\n<p><span id=\"u36847-12\"><strong>2. Weitergabe an Dritte<\/strong><br \/><\/span><span>Wir geben Ihre personenbezogenen Daten einschlie\u00dflich Ihrer Anschrift und E-Mail-Adresse nicht ohne Ihre jederzeit widerrufliche Einwilligung an Dritte weiter.<\/span><br \/><span>Lediglich soweit wir uns f\u00fcr die Abwicklung bestimmter Vorg\u00e4nge Dritter bedienen, werden wir diesen die f\u00fcr die jeweilige Dienstleistung erforderlichen Daten (z.B. Ihre Versandanschrift) zur Verf\u00fcgung zu stellen. Die so weitergegebenen Daten d\u00fcrfen vom Empf\u00e4nger ausschlie\u00dflich zur Erf\u00fcllung seiner Aufgabe verwendet werden. Eine anderweitige Nutzung der Informationen ist ihm nicht erlaubt.<\/span><\/p>\n<\/div>\n<p>[\/et_pb_text][et_pb_text _builder_version=&#8220;4.9.11&#8243; _module_preset=&#8220;default&#8220; text_text_color=&#8220;#4B4B4A&#8220; text_line_height=&#8220;1.6em&#8220; ul_line_height=&#8220;1.1em&#8220; ol_line_height=&#8220;1.8em&#8220; global_colors_info=&#8220;{}&#8220;]<\/p>\n<div class=\"clearfix grpelem shared_content\" id=\"u36307-4\" data-content-guid=\"u36307-4_content\">\n<p><span id=\"u36847-21\"><strong>3. Sicherheit<\/strong><br \/><\/span><span>Wir haben technische und organisatorische Ma\u00dfnahmen getroffen, um Ihre Daten gegen vors\u00e4tzliche oder zuf\u00e4llige Manipulation, Zugriff unberechtigter Dritter, Verlust, Zerst\u00f6rung oder Ver\u00e4nderung zu sch\u00fctzen.<\/span><\/p>\n<\/div>\n<p>[\/et_pb_text][et_pb_text _builder_version=&#8220;4.9.11&#8243; _module_preset=&#8220;default&#8220; text_text_color=&#8220;#4B4B4A&#8220; text_line_height=&#8220;1.6em&#8220; ul_line_height=&#8220;1.1em&#8220; ol_line_height=&#8220;1.8em&#8220; global_colors_info=&#8220;{}&#8220;]<\/p>\n<div class=\"clearfix grpelem shared_content\" id=\"u36307-4\" data-content-guid=\"u36307-4_content\">\n<p><strong><span id=\"u36847-26\">4. Nutzung von Google Analytics<\/span><\/strong><span id=\"u36847-31\"><br \/>Diese Website benutzt Google Analytics, einen Webanalysedienst der Google Inc. (\u201eGoogle\u201c). Google Analytics verwendet sog. \u201eCookies\u201c, Textdateien, die auf Ihrem Computer gespeichert werden und die eine Analyse der Benutzung der Website durch Sie erm\u00f6glichen. Diese Informationen werden ausschlie\u00dflich als kumulierte Daten an uns weitergegeben, die Trends in der allgemeinen Websitenutzung ausdr\u00fccken und sind damit nicht personenbezogen. Die durch den Cookie erzeugten Informationen \u00fcber Ihre Benutzung dieser Website werden in der Regel an einen Server von Google in den USA \u00fcbertragen und dort gespeichert. Im Falle der Aktivierung der IP-Anonymisierung auf dieser Webseite, wird Ihre IP-Adresse von Google jedoch innerhalb von Mitgliedstaaten der Europ\u00e4ischen Union oder in anderen Vertragsstaaten des Abkommens \u00fcber den Europ\u00e4ischen Wirtschaftsraum zuvor gek\u00fcrzt. Nur in Ausnahmef\u00e4llen wird die volle IP-Adresse an einen Server von Google in den USA \u00fcbertragen und dort gek\u00fcrzt. Im Auftrag des Betreibers dieser Website wird Google diese Informationen benutzen, um Ihre Nutzung der Website auszuwerten, um Reports \u00fcber die Websiteaktivit\u00e4ten zusammenzustellen und um weitere mit der Websitenutzung und der Internetnutzung verbundene Dienstleistungen gegen\u00fcber dem Websitebetreiber zu erbringen. Die im Rahmen von Google Analytics von Ihrem Browser \u00fcbermittelte IP-Adresse wird nicht mit anderen Daten von Google zusammengef\u00fchrt.N\u00e4here Informationen zu Nutzungsbedingungen und Datenschutz finden Sie unter http:\/\/www.google.com\/analytics\/terms\/de.html bzw. unter http:\/\/www.google.com\/intl\/de\/analytics\/privacyoverview.html. Wir weisen Sie darauf hin, dass auf dieser Webseite Google Analytics um den Code \u201ega(\u2018set\u2019, \u2018anonymizeIp\u2018, true);\u201c erweitert wurde, um eine anonymisierte Erfassung von IP-Adressen (sog. IP-Masking) zu gew\u00e4hrleisten.<\/span><\/p>\n<\/div>\n<p>[\/et_pb_text][\/et_pb_column][et_pb_column type=&#8220;1_2&#8243; _builder_version=&#8220;4.9.11&#8243; _module_preset=&#8220;default&#8220; global_colors_info=&#8220;{}&#8220;][et_pb_text _builder_version=&#8220;4.9.11&#8243; _module_preset=&#8220;default&#8220; text_text_color=&#8220;#4B4B4A&#8220; text_line_height=&#8220;1.6em&#8220; ul_line_height=&#8220;1.1em&#8220; ol_line_height=&#8220;1.8em&#8220; global_colors_info=&#8220;{}&#8220;]<\/p>\n<div class=\"clearfix grpelem shared_content\" id=\"u36307-4\" data-content-guid=\"u36307-4_content\">\n<p><strong><span id=\"u36847-33\">5. Widerspruchsrecht<\/span><\/strong><span id=\"u36847-38\"><br \/>Sie k\u00f6nnen die Speicherung der Cookies durch eine entsprechende Einstellung Ihrer Browser-Software verhindern; wir weisen Sie jedoch darauf hin, dass Sie in diesem Fall gegebenenfalls nicht s\u00e4mtliche Funktionen dieser Website vollumf\u00e4nglich werden nutzen k\u00f6nnen. Sie k\u00f6nnen dar\u00fcber hinaus die Erfassung der durch das Cookie erzeugten und auf Ihre Nutzung der Website bezogenen Daten (inkl. Ihrer IP-Adresse) an Google sowie die Verarbeitung dieser Daten durch Google verhindern, indem sie das unter dem folgenden Link (http:\/\/tools.google.com\/dlpage\/gaoptout?hl=de) verf\u00fcgbare Browser-Plugin herunterladen und installieren.<\/span><\/p>\n<\/div>\n<p>[\/et_pb_text][et_pb_text _builder_version=&#8220;4.9.11&#8243; _module_preset=&#8220;default&#8220; text_text_color=&#8220;#4B4B4A&#8220; text_line_height=&#8220;1.6em&#8220; ul_line_height=&#8220;1.1em&#8220; ol_line_height=&#8220;1.8em&#8220; global_colors_info=&#8220;{}&#8220;]<\/p>\n<div class=\"clearfix grpelem shared_content\" id=\"u36307-4\" data-content-guid=\"u36307-4_content\">\n<p><strong><span id=\"u36847-40\">6. Ansprechpartner f\u00fcr Datenschutz<\/span><\/strong><span id=\"u36847-45\"><br \/>Sofern innerhalb des Internetangebotes die M\u00f6glichkeit zur Eingabe pers\u00f6nlicher oder gesch\u00e4ftlicher Daten (Emailadressen, Namen, Anschriften) besteht, so erfolgt die Preisgabe dieser Daten seitens des Nutzers auf ausdr\u00fccklich freiwilliger Basis. Bei Fragen zur Erhebung, Verarbeitung oder Nutzung Ihrer personenbezogenen Daten, bei Ausk\u00fcnften, Berichtigung, Sperrung oder L\u00f6schung von Daten sowie Widerruf erteilter Einwilligungen wenden Sie sich bitte an:<br \/>Elektrotechnik Maul<\/span><\/p>\n<\/div>\n<p>[\/et_pb_text][et_pb_text _builder_version=&#8220;4.9.11&#8243; _module_preset=&#8220;default&#8220; text_text_color=&#8220;#4B4B4A&#8220; text_line_height=&#8220;1.6em&#8220; ul_line_height=&#8220;1.1em&#8220; ol_line_height=&#8220;1.8em&#8220; global_colors_info=&#8220;{}&#8220;]<\/p>\n<div class=\"clearfix grpelem shared_content\" id=\"u36307-4\" data-content-guid=\"u36307-4_content\">\n<p><strong><span id=\"u36847-47\">7. Haftung f\u00fcr Inhalte<\/span><\/strong><span id=\"u36847-52\"><br \/>Die Inhalte unserer Seiten wurden mit gr\u00f6\u00dfter Sorgfalt erstellt. F\u00fcr die Richtigkeit, Vollst\u00e4ndigkeit und Aktualit\u00e4t der Inhalte k\u00f6nnen wir jedoch keine Gew\u00e4hr \u00fcbernehmen. Als Diensteanbieter sind wir gem\u00e4\u00df \u00a7 7 Abs.1 TMG f\u00fcr eigene Inhalte auf diesen Seiten nach den allgemeinen Gesetzen verantwortlich. Nach \u00a7\u00a7 8 bis 10 TMG sind wir als Diensteanbieter jedoch nicht verpflichtet, \u00fcbermittelte oder gespeicherte fremde Informationen zu \u00fcberwachen oder nach Umst\u00e4nden zu forschen, die auf eine rechtswidrige T\u00e4tigkeit hinweisen. Verpflichtungen zur Entfernung oder Sperrung der Nutzung von Informationen nach den allgemeinen Gesetzen bleiben hiervon unber\u00fchrt. Eine diesbez\u00fcgliche Haftung ist jedoch erst ab dem Zeitpunkt der Kenntnis einer konkreten Rechtsverletzung m\u00f6glich. Bei Bekanntwerden von entsprechenden Rechtsverletzungen werden wir diese Inhalte umgehend entfernen.<\/span><\/p>\n<\/div>\n<p>[\/et_pb_text][et_pb_text _builder_version=&#8220;4.9.11&#8243; _module_preset=&#8220;default&#8220; text_text_color=&#8220;#4B4B4A&#8220; text_line_height=&#8220;1.6em&#8220; ul_line_height=&#8220;1.1em&#8220; ol_line_height=&#8220;1.8em&#8220; global_colors_info=&#8220;{}&#8220;]<\/p>\n<div class=\"clearfix grpelem shared_content\" id=\"u36307-4\" data-content-guid=\"u36307-4_content\">\n<p><strong><span id=\"u36847-54\">8. Haftung f\u00fcr Links<\/span><\/strong><span id=\"u36847-59\"><br \/>Unser Angebot enth\u00e4lt ggf. Links zu externen Webseiten Dritter, auf deren Inhalte wir keinen Einfluss haben. Deshalb k\u00f6nnen wir f\u00fcr diese fremden Inhalte auch keine Gew\u00e4hr \u00fcbernehmen. F\u00fcr die Inhalte der verlinkten Seiten ist stets der jeweilige Anbieter oder Betreiber der Seiten verantwortlich. Die verlinkten Seiten wurden zum Zeitpunkt der Verlinkung auf m\u00f6gliche Rechtsverst\u00f6\u00dfe \u00fcberpr\u00fcft. Rechtswidrige Inhalte waren zum Zeitpunkt der Verlinkung nicht erkennbar. Eine permanente inhaltliche Kontrolle der verlinkten Seiten ist jedoch ohne konkrete Anhaltspunkte einer Rechtsverletzung nicht zumutbar. Bei Bekanntwerden von Rechtsverletzungen werden wir derartige Links umgehend entfernen.<\/span><\/p>\n<\/div>\n<p>[\/et_pb_text][et_pb_text _builder_version=&#8220;4.9.11&#8243; _module_preset=&#8220;default&#8220; text_text_color=&#8220;#4B4B4A&#8220; text_line_height=&#8220;1.6em&#8220; ul_line_height=&#8220;1.1em&#8220; ol_line_height=&#8220;1.8em&#8220; global_colors_info=&#8220;{}&#8220;]<\/p>\n<div class=\"clearfix grpelem shared_content\" id=\"u36307-4\" data-content-guid=\"u36307-4_content\">\n<p><strong><span id=\"u36847-61\">9. Urheberrecht<\/span><\/strong><span id=\"u36847-64\"><br \/>Die durch die Seitenbetreiber erstellten Inhalte und Werke auf diesen Seiten unterliegen dem deutschen Urheberrecht. Die Vervielf\u00e4ltigung, Bearbeitung, Verbreitung und jede Art der Verwertung au\u00dferhalb der Grenzen des Urheberrechtes bed\u00fcrfen der schriftlichen Zustimmung des jeweiligen Autors bzw. Erstellers. Downloads und Kopien dieser Seite sind nur f\u00fcr den privaten, nicht kommerziellen Gebrauch gestattet. Soweit die Inhalte auf dieser Seite nicht vom Betreiber erstellt wurden, werden die Urheberrechte Dritter beachtet. Insbesondere werden Inhalte Dritter als solche gekennzeichnet. Sollten Sie trotzdem auf eine Urheberrechtsverletzung aufmerksam werden, bitten wir um einen entsprechenden Hinweis. Bei Bekanntwerden von Rechtsverletzungen werden wir derartige Inhalte umgehend entfernen.<\/span><\/p>\n<\/div>\n<p>[\/et_pb_text][\/et_pb_column][\/et_pb_row][\/et_pb_section]<\/p>\n","protected":false},"excerpt":{"rendered":"<p>DATENSCHUTZERKL\u00c4RUNG 1. VerwendungszweckAlle Ihre personenbezogenen Daten werden unter Beachtung der einschl\u00e4gigen Vorschriften des Bundesdatenschutzgesetzes (BDSG), des Telemediengesetzes (TMG) und des Telekommunikationsgesetzes (TKG) von uns gespeichert und verarbeitet.Die uns zur Verf\u00fcgung gestellten Informationen helfen uns, unseren Service und unsere Produkte individuell zu gestalten und st\u00e4ndig zu verbessern. Die Daten dienen zur satzungsgem\u00e4\u00dfen Ausf\u00fchrung unserer T\u00e4tigkeit (inkl. [&hellip;]<\/p>\n","protected":false},"author":1,"featured_media":0,"parent":0,"menu_order":0,"comment_status":"closed","ping_status":"open","template":"","meta":{"_et_pb_use_builder":"on","_et_pb_old_content":"<!-- wp:heading -->\r\n<h2>Wer wir sind<\/h2>\r\n<!-- \/wp:heading --><!-- wp:paragraph -->\r\n<p><strong class=\"privacy-policy-tutorial\">Textvorschlag: <\/strong>Die Adresse unserer Website ist: https:\/\/www.elektromaul.de\/de.<\/p>\r\n<!-- \/wp:paragraph --><!-- wp:heading -->\r\n<h2>Kommentare<\/h2>\r\n<!-- \/wp:heading --><!-- wp:paragraph -->\r\n<p><strong class=\"privacy-policy-tutorial\">Textvorschlag: <\/strong>Wenn Besucher Kommentare auf der Website schreiben, sammeln wir die Daten, die im Kommentar-Formular angezeigt werden, au\u00dferdem die IP-Adresse des Besuchers und den User-Agent-String (damit wird der Browser identifiziert), um die Erkennung von Spam zu unterst\u00fctzen.<\/p>\r\n<!-- \/wp:paragraph --><!-- wp:paragraph -->\r\n<p>Aus deiner E-Mail-Adresse kann eine anonymisierte Zeichenfolge erstellt (auch Hash genannt) und dem Gravatar-Dienst \u00fcbergeben werden, um zu pr\u00fcfen, ob du diesen benutzt. Die Datenschutzerkl\u00e4rung des Gravatar-Dienstes findest du hier: https:\/\/automattic.com\/privacy\/. Nachdem dein Kommentar freigegeben wurde, ist dein Profilbild \u00f6ffentlich im Kontext deines Kommentars sichtbar.<\/p>\r\n<!-- \/wp:paragraph --><!-- wp:heading -->\r\n<h2>Medien<\/h2>\r\n<!-- \/wp:heading --><!-- wp:paragraph -->\r\n<p><strong class=\"privacy-policy-tutorial\">Textvorschlag: <\/strong>Wenn du ein registrierter Benutzer bist und Fotos auf diese Website l\u00e4dst, solltest du vermeiden, Fotos mit einem EXIF-GPS-Standort hochzuladen. Besucher dieser Website k\u00f6nnten Fotos, die auf dieser Website gespeichert sind, herunterladen und deren Standort-Informationen extrahieren.<\/p>\r\n<!-- \/wp:paragraph --><!-- wp:heading -->\r\n<h2>Cookies<\/h2>\r\n<!-- \/wp:heading --><!-- wp:paragraph -->\r\n<p><strong class=\"privacy-policy-tutorial\">Textvorschlag: <\/strong>Wenn du einen Kommentar auf unserer Website schreibst, kann das eine Einwilligung sein, deinen Namen, E-Mail-Adresse und Website in Cookies zu speichern. Dies ist eine Komfortfunktion, damit du nicht, wenn du einen weiteren Kommentar schreibst, all diese Daten erneut eingeben musst. Diese Cookies werden ein Jahr lang gespeichert.<\/p>\r\n<!-- \/wp:paragraph --><!-- wp:paragraph -->\r\n<p>Falls du ein Konto hast und dich auf dieser Website anmeldest, werden wir ein tempor\u00e4res Cookie setzen, um festzustellen, ob dein Browser Cookies akzeptiert. Dieses Cookie enth\u00e4lt keine personenbezogenen Daten und wird verworfen, wenn du deinen Browser schlie\u00dft.<\/p>\r\n<!-- \/wp:paragraph --><!-- wp:paragraph -->\r\n<p>Wenn du dich anmeldest, werden wir einige Cookies einrichten, um deine Anmeldeinformationen und Anzeigeoptionen zu speichern. Anmelde-Cookies verfallen nach zwei Tagen und Cookies f\u00fcr die Anzeigeoptionen nach einem Jahr. Falls du bei der Anmeldung \u201eAngemeldet bleiben\u201c ausw\u00e4hlst, wird deine Anmeldung zwei Wochen lang aufrechterhalten. Mit der Abmeldung aus deinem Konto werden die Anmelde-Cookies gel\u00f6scht.<\/p>\r\n<!-- \/wp:paragraph --><!-- wp:paragraph -->\r\n<p>Wenn du einen Artikel bearbeitest oder ver\u00f6ffentlichst, wird ein zus\u00e4tzlicher Cookie in deinem Browser gespeichert. Dieser Cookie enth\u00e4lt keine personenbezogenen Daten und verweist nur auf die Beitrags-ID des Artikels, den du gerade bearbeitet hast. Der Cookie verf\u00e4llt nach einem Tag.<\/p>\r\n<!-- \/wp:paragraph --><!-- wp:heading -->\r\n<h2>Eingebettete Inhalte von anderen Websites<\/h2>\r\n<!-- \/wp:heading --><!-- wp:paragraph -->\r\n<p><strong class=\"privacy-policy-tutorial\">Textvorschlag: <\/strong>Beitr\u00e4ge auf dieser Website k\u00f6nnen eingebettete Inhalte beinhalten (z.\u00a0B. Videos, Bilder, Beitr\u00e4ge etc.). Eingebettete Inhalte von anderen Websites verhalten sich exakt so, als ob der Besucher die andere Website besucht h\u00e4tte.<\/p>\r\n<!-- \/wp:paragraph --><!-- wp:paragraph -->\r\n<p>Diese Websites k\u00f6nnen Daten \u00fcber dich sammeln, Cookies benutzen, zus\u00e4tzliche Tracking-Dienste von Dritten einbetten und deine Interaktion mit diesem eingebetteten Inhalt aufzeichnen, inklusive deiner Interaktion mit dem eingebetteten Inhalt, falls du ein Konto hast und auf dieser Website angemeldet bist.<\/p>\r\n<!-- \/wp:paragraph --><!-- wp:heading -->\r\n<h2>Mit wem wir deine Daten teilen<\/h2>\r\n<!-- \/wp:heading --><!-- wp:paragraph -->\r\n<p><strong class=\"privacy-policy-tutorial\">Textvorschlag: <\/strong>Wenn du eine Zur\u00fccksetzung des Passworts beantragst, wird deine IP-Adresse in der E-Mail zur Zur\u00fccksetzung enthalten sein.<\/p>\r\n<!-- \/wp:paragraph --><!-- wp:heading -->\r\n<h2>Wie lange wir deine Daten speichern<\/h2>\r\n<!-- \/wp:heading --><!-- wp:paragraph -->\r\n<p><strong class=\"privacy-policy-tutorial\">Textvorschlag: <\/strong>Wenn du einen Kommentar schreibst, wird dieser inklusive Metadaten zeitlich unbegrenzt gespeichert. Auf diese Art k\u00f6nnen wir Folgekommentare automatisch erkennen und freigeben, anstatt sie in einer Moderations-Warteschlange festzuhalten.<\/p>\r\n<!-- \/wp:paragraph --><!-- wp:paragraph -->\r\n<p>F\u00fcr Benutzer, die sich auf unserer Website registrieren, speichern wir zus\u00e4tzlich die pers\u00f6nlichen Informationen, die sie in ihren Benutzerprofilen angeben. Alle Benutzer k\u00f6nnen jederzeit ihre pers\u00f6nlichen Informationen einsehen, ver\u00e4ndern oder l\u00f6schen (der Benutzername kann nicht ver\u00e4ndert werden). Administratoren der Website k\u00f6nnen diese Informationen ebenfalls einsehen und ver\u00e4ndern.<\/p>\r\n<!-- \/wp:paragraph --><!-- wp:heading -->\r\n<h2>Welche Rechte du an deinen Daten hast<\/h2>\r\n<!-- \/wp:heading --><!-- wp:paragraph -->\r\n<p><strong class=\"privacy-policy-tutorial\">Textvorschlag: <\/strong>Wenn du ein Konto auf dieser Website besitzt oder Kommentare geschrieben hast, kannst du einen Export deiner personenbezogenen Daten bei uns anfordern, inklusive aller Daten, die du uns mitgeteilt hast. Dar\u00fcber hinaus kannst du die L\u00f6schung aller personenbezogenen Daten, die wir von dir gespeichert haben, anfordern. Dies umfasst nicht die Daten, die wir aufgrund administrativer, rechtlicher oder sicherheitsrelevanter Notwendigkeiten aufbewahren m\u00fcssen.<\/p>\r\n<!-- \/wp:paragraph --><!-- wp:heading -->\r\n<h2>Wohin wir deine Daten senden<\/h2>\r\n<!-- \/wp:heading --><!-- wp:paragraph -->\r\n<p><strong class=\"privacy-policy-tutorial\">Textvorschlag: <\/strong>Besucher-Kommentare k\u00f6nnten von einem automatisierten Dienst zur Spam-Erkennung untersucht werden.<\/p>\r\n<!-- \/wp:paragraph -->","_et_gb_content_width":"","footnotes":""},"class_list":["post-3","page","type-page","status-publish","hentry"],"_links":{"self":[{"href":"https:\/\/www.elektromaul.de\/de\/wp-json\/wp\/v2\/pages\/3","targetHints":{"allow":["GET"]}}],"collection":[{"href":"https:\/\/www.elektromaul.de\/de\/wp-json\/wp\/v2\/pages"}],"about":[{"href":"https:\/\/www.elektromaul.de\/de\/wp-json\/wp\/v2\/types\/page"}],"author":[{"embeddable":true,"href":"https:\/\/www.elektromaul.de\/de\/wp-json\/wp\/v2\/users\/1"}],"replies":[{"embeddable":true,"href":"https:\/\/www.elektromaul.de\/de\/wp-json\/wp\/v2\/comments?post=3"}],"version-history":[{"count":14,"href":"https:\/\/www.elektromaul.de\/de\/wp-json\/wp\/v2\/pages\/3\/revisions"}],"predecessor-version":[{"id":797,"href":"https:\/\/www.elektromaul.de\/de\/wp-json\/wp\/v2\/pages\/3\/revisions\/797"}],"wp:attachment":[{"href":"https:\/\/www.elektromaul.de\/de\/wp-json\/wp\/v2\/media?parent=3"}],"curies":[{"name":"wp","href":"https:\/\/api.w.org\/{rel}","templated":true}]}}